{"id":15,"date":"2017-11-24T11:26:35","date_gmt":"2017-11-24T10:26:35","guid":{"rendered":"https:\/\/www.mein-hundehof.de\/?page_id=15"},"modified":"2020-04-09T11:01:11","modified_gmt":"2020-04-09T09:01:11","slug":"ueber-uns","status":"publish","type":"page","link":"https:\/\/www.mein-hundehof.de\/index.php\/ueber-uns\/","title":{"rendered":"\u00dcber uns"},"content":{"rendered":"<h3 style=\"text-align: center;\"><strong>Das sind die Stammbewohner des Hunde-Hofes:<\/strong><\/h3>\n<p style=\"text-align: justify;\"><strong><a href=\"https:\/\/www.mein-hundehof.de\/wp-content\/uploads\/2020\/04\/Tamino2.jpg\"><img loading=\"lazy\" decoding=\"async\" class=\" wp-image-438 aligncenter\" src=\"https:\/\/www.mein-hundehof.de\/wp-content\/uploads\/2020\/04\/Tamino2-221x300.jpg\" alt=\"\" width=\"350\" height=\"475\" srcset=\"https:\/\/www.mein-hundehof.de\/wp-content\/uploads\/2020\/04\/Tamino2-221x300.jpg 221w, https:\/\/www.mein-hundehof.de\/wp-content\/uploads\/2020\/04\/Tamino2-754x1024.jpg 754w, https:\/\/www.mein-hundehof.de\/wp-content\/uploads\/2020\/04\/Tamino2-768x1043.jpg 768w, https:\/\/www.mein-hundehof.de\/wp-content\/uploads\/2020\/04\/Tamino2.jpg 884w\" sizes=\"auto, (max-width: 350px) 85vw, 350px\" \/><\/a>Tamino<\/strong>, 6 Monate. Der junge Labmaraner ist einstweilen noch besch\u00e4ftigt, das Hofleben kennen zu lernen und sich auf seine Rolle als zuk\u00fcnftiger Betriebsleiter vorzubreiten. Er tritt in <a href=\"https:\/\/www.mein-hundehof.de\/index.php\/2020\/01\/20\/abschied\/\" target=\"_blank\" rel=\"noopener noreferrer\">gro\u00dfe Fu\u00dfstapfen<\/a>.\u00a0 N\u00e4mlich diese hier:<\/p>\n<p><img loading=\"lazy\" decoding=\"async\" class=\"wp-image-56 aligncenter\" src=\"https:\/\/www.mein-hundehof.de\/wp-content\/uploads\/2016\/03\/Larry-300x225.jpg\" alt=\"SAMSUNG CAMERA PICTURES\" width=\"427\" height=\"320\" srcset=\"https:\/\/www.mein-hundehof.de\/wp-content\/uploads\/2016\/03\/Larry-300x225.jpg 300w, https:\/\/www.mein-hundehof.de\/wp-content\/uploads\/2016\/03\/Larry.jpg 600w\" sizes=\"auto, (max-width: 427px) 85vw, 427px\" \/><\/p>\n<p style=\"text-align: justify;\"><strong>Larry<\/strong>, 12j\u00e4hriger Ridgebackmischling, ist zum Jahreswechsel nach einem erf\u00fcllten Hundeleben von uns gegangen. Nicht nur wir vermissen ihn, denn er war ein \u00e4u\u00dferst souver\u00e4ner Chef, der f\u00fcr stete Ruhe und Ordnung auf dem Hundehof sorgte. In diesen Job wird Tamino erst noch hineinwachsen m\u00fcssen.<\/p>\n<p style=\"text-align: center;\">***<\/p>\n<p style=\"text-align: center;\"><img loading=\"lazy\" decoding=\"async\" class=\" wp-image-92 aligncenter\" src=\"https:\/\/www.mein-hundehof.de\/wp-content\/uploads\/2016\/03\/Fine-200x300.jpg\" alt=\"Fine\" width=\"247\" height=\"371\" srcset=\"https:\/\/www.mein-hundehof.de\/wp-content\/uploads\/2016\/03\/Fine-200x300.jpg 200w, https:\/\/www.mein-hundehof.de\/wp-content\/uploads\/2016\/03\/Fine.jpg 300w\" sizes=\"auto, (max-width: 247px) 85vw, 247px\" \/><\/p>\n<p style=\"text-align: justify;\"><strong>Fine<\/strong> alias Finchen. Ihr behagt zwar h\u00fcndischer Besuch nicht sonderlich, sie ist es aber gewohnt auf sich aufzupassen und kennt alle Winkel und Fluchtwege. Wenn es ruhiger wird, nimmt sie wieder ihren Platz ein.<\/p>\n<p style=\"text-align: center;\">***<\/p>\n<p style=\"text-align: justify;\"><img loading=\"lazy\" decoding=\"async\" class=\" wp-image-126 aligncenter\" src=\"https:\/\/www.mein-hundehof.de\/wp-content\/uploads\/2016\/04\/Pfote-300x200.jpg\" alt=\"Pfote\" width=\"511\" height=\"340\" srcset=\"https:\/\/www.mein-hundehof.de\/wp-content\/uploads\/2016\/04\/Pfote-300x200.jpg 300w, https:\/\/www.mein-hundehof.de\/wp-content\/uploads\/2016\/04\/Pfote-768x512.jpg 768w, https:\/\/www.mein-hundehof.de\/wp-content\/uploads\/2016\/04\/Pfote-1024x683.jpg 1024w, https:\/\/www.mein-hundehof.de\/wp-content\/uploads\/2016\/04\/Pfote.jpg 1200w\" sizes=\"auto, (max-width: 511px) 85vw, 511px\" \/><\/p>\n<p style=\"text-align: justify;\"><strong>Kathrin<\/strong>, die Chefin. Sie spricht die Sprache der Hunde und ist davon \u00fcberzeugt, dass Probleme niemals vom Hund ausgehen, sondern von unklarer Kommunikation des Menschen. Dementsprechend bietet sie den G\u00e4sten die notwendige Orientierung, damit diese sich entspannen k\u00f6nnen.<\/p>\n<p style=\"text-align: center;\">***<\/p>\n<p><img loading=\"lazy\" decoding=\"async\" class=\" wp-image-90 aligncenter\" src=\"https:\/\/www.mein-hundehof.de\/wp-content\/uploads\/2016\/03\/Collage-219x300.jpg\" alt=\"Collage\" width=\"358\" height=\"490\" srcset=\"https:\/\/www.mein-hundehof.de\/wp-content\/uploads\/2016\/03\/Collage-219x300.jpg 219w, https:\/\/www.mein-hundehof.de\/wp-content\/uploads\/2016\/03\/Collage.jpg 355w\" sizes=\"auto, (max-width: 358px) 85vw, 358px\" \/><\/p>\n<p style=\"text-align: justify;\"><strong>Gabor<\/strong>, Hausherr. Sorgt f\u00fcr l\u00e4ngere Spazierg\u00e4nge und administrativen Frickelkram wie das Basteln von <a href=\"http:\/\/netzstart-zum-festpreis.de\/\" target=\"_blank\" rel=\"noopener noreferrer\">Webseiten<\/a>. Nach Auffassung seines Weibes hat er von Hunden keine Ahnung, da er Larry&#8217;s kumpelhaftem Charme nicht immer konsequent widersteht. J\u00fcngst aufgefundenes historisches Bildmaterial deutet allerdings auf doch etwas umfangreichere Erfahrungen im beherzten Umgang mit gerne auch besonders\u00a0gro\u00dfen Hunden hin.<\/p>\n","protected":false},"excerpt":{"rendered":"<p>Das sind die Stammbewohner des Hunde-Hofes: Tamino, 6 Monate. Der junge Labmaraner ist einstweilen noch besch\u00e4ftigt, das Hofleben kennen zu lernen und sich auf seine Rolle als zuk\u00fcnftiger Betriebsleiter vorzubreiten. Er tritt in gro\u00dfe Fu\u00dfstapfen.\u00a0 N\u00e4mlich diese hier: Larry, 12j\u00e4hriger Ridgebackmischling, ist zum Jahreswechsel nach einem erf\u00fcllten Hundeleben von uns gegangen. Nicht nur wir vermissen &hellip; <a href=\"https:\/\/www.mein-hundehof.de\/index.php\/ueber-uns\/\" class=\"more-link\"><span class=\"screen-reader-text\">\u201e\u00dcber uns\u201c<\/span> weiterlesen<\/a><\/p>\n","protected":false},"author":1,"featured_media":0,"parent":0,"menu_order":0,"comment_status":"closed","ping_status":"closed","template":"","meta":{"footnotes":""},"class_list":["post-15","page","type-page","status-publish","hentry"],"yoast_head":"<!-- This site is optimized with the Yoast SEO plugin v26.2 - https:\/\/yoast.com\/wordpress\/plugins\/seo\/ -->\n<title>\u00dcber uns - Hunde-Hof Wald &amp; Wiese<\/title>\n<meta name=\"robots\" content=\"index, follow, max-snippet:-1, max-image-preview:large, max-video-preview:-1\" \/>\n<link rel=\"canonical\" href=\"https:\/\/www.mein-hundehof.de\/index.php\/ueber-uns\/\" \/>\n<meta property=\"og:locale\" content=\"de_DE\" \/>\n<meta property=\"og:type\" content=\"article\" \/>\n<meta property=\"og:title\" content=\"\u00dcber uns - Hunde-Hof Wald &amp; Wiese\" \/>\n<meta property=\"og:description\" content=\"Das sind die Stammbewohner des Hunde-Hofes: Tamino, 6 Monate. Der junge Labmaraner ist einstweilen noch besch\u00e4ftigt, das Hofleben kennen zu lernen und sich auf seine Rolle als zuk\u00fcnftiger Betriebsleiter vorzubreiten. Er tritt in gro\u00dfe Fu\u00dfstapfen.\u00a0 N\u00e4mlich diese hier: Larry, 12j\u00e4hriger Ridgebackmischling, ist zum Jahreswechsel nach einem erf\u00fcllten Hundeleben von uns gegangen. Nicht nur wir vermissen &hellip; \u201e\u00dcber uns\u201c weiterlesen\" \/>\n<meta property=\"og:url\" content=\"https:\/\/www.mein-hundehof.de\/index.php\/ueber-uns\/\" \/>\n<meta property=\"og:site_name\" content=\"Hunde-Hof Wald &amp; Wiese\" \/>\n<meta property=\"article:publisher\" content=\"https:\/\/www.facebook.com\/Hundehof14947\/\" \/>\n<meta property=\"article:modified_time\" content=\"2020-04-09T09:01:11+00:00\" \/>\n<meta property=\"og:image\" content=\"https:\/\/www.mein-hundehof.de\/wp-content\/uploads\/2020\/04\/Tamino2-221x300.jpg\" \/>\n<meta name=\"twitter:card\" content=\"summary_large_image\" \/>\n<meta name=\"twitter:label1\" content=\"Gesch\u00e4tzte Lesezeit\" \/>\n\t<meta name=\"twitter:data1\" content=\"1\u00a0Minute\" \/>\n<script type=\"application\/ld+json\" class=\"yoast-schema-graph\">{\"@context\":\"https:\/\/schema.org\",\"@graph\":[{\"@type\":\"WebPage\",\"@id\":\"https:\/\/www.mein-hundehof.de\/index.php\/ueber-uns\/\",\"url\":\"https:\/\/www.mein-hundehof.de\/index.php\/ueber-uns\/\",\"name\":\"\u00dcber uns - Hunde-Hof Wald &amp; Wiese\",\"isPartOf\":{\"@id\":\"https:\/\/www.mein-hundehof.de\/#website\"},\"primaryImageOfPage\":{\"@id\":\"https:\/\/www.mein-hundehof.de\/index.php\/ueber-uns\/#primaryimage\"},\"image\":{\"@id\":\"https:\/\/www.mein-hundehof.de\/index.php\/ueber-uns\/#primaryimage\"},\"thumbnailUrl\":\"https:\/\/www.mein-hundehof.de\/wp-content\/uploads\/2020\/04\/Tamino2-221x300.jpg\",\"datePublished\":\"2017-11-24T10:26:35+00:00\",\"dateModified\":\"2020-04-09T09:01:11+00:00\",\"breadcrumb\":{\"@id\":\"https:\/\/www.mein-hundehof.de\/index.php\/ueber-uns\/#breadcrumb\"},\"inLanguage\":\"de\",\"potentialAction\":[{\"@type\":\"ReadAction\",\"target\":[\"https:\/\/www.mein-hundehof.de\/index.php\/ueber-uns\/\"]}]},{\"@type\":\"ImageObject\",\"inLanguage\":\"de\",\"@id\":\"https:\/\/www.mein-hundehof.de\/index.php\/ueber-uns\/#primaryimage\",\"url\":\"https:\/\/www.mein-hundehof.de\/wp-content\/uploads\/2020\/04\/Tamino2.jpg\",\"contentUrl\":\"https:\/\/www.mein-hundehof.de\/wp-content\/uploads\/2020\/04\/Tamino2.jpg\",\"width\":884,\"height\":1200},{\"@type\":\"BreadcrumbList\",\"@id\":\"https:\/\/www.mein-hundehof.de\/index.php\/ueber-uns\/#breadcrumb\",\"itemListElement\":[{\"@type\":\"ListItem\",\"position\":1,\"name\":\"Startseite\",\"item\":\"https:\/\/www.mein-hundehof.de\/\"},{\"@type\":\"ListItem\",\"position\":2,\"name\":\"\u00dcber uns\"}]},{\"@type\":\"WebSite\",\"@id\":\"https:\/\/www.mein-hundehof.de\/#website\",\"url\":\"https:\/\/www.mein-hundehof.de\/\",\"name\":\"Hunde-Hof Wald &amp; Wiese\",\"description\":\"Ihre Hundepension im s\u00fcdlichen Umland von Berlin\",\"publisher\":{\"@id\":\"https:\/\/www.mein-hundehof.de\/#organization\"},\"potentialAction\":[{\"@type\":\"SearchAction\",\"target\":{\"@type\":\"EntryPoint\",\"urlTemplate\":\"https:\/\/www.mein-hundehof.de\/?s={search_term_string}\"},\"query-input\":{\"@type\":\"PropertyValueSpecification\",\"valueRequired\":true,\"valueName\":\"search_term_string\"}}],\"inLanguage\":\"de\"},{\"@type\":\"Organization\",\"@id\":\"https:\/\/www.mein-hundehof.de\/#organization\",\"name\":\"Hundehof Wald & Wiese\",\"url\":\"https:\/\/www.mein-hundehof.de\/\",\"logo\":{\"@type\":\"ImageObject\",\"inLanguage\":\"de\",\"@id\":\"https:\/\/www.mein-hundehof.de\/#\/schema\/logo\/image\/\",\"url\":\"https:\/\/www.mein-hundehof.de\/wp-content\/uploads\/2016\/08\/Logo-300.jpg\",\"contentUrl\":\"https:\/\/www.mein-hundehof.de\/wp-content\/uploads\/2016\/08\/Logo-300.jpg\",\"width\":299,\"height\":271,\"caption\":\"Hundehof Wald & Wiese\"},\"image\":{\"@id\":\"https:\/\/www.mein-hundehof.de\/#\/schema\/logo\/image\/\"},\"sameAs\":[\"https:\/\/www.facebook.com\/Hundehof14947\/\"]}]}<\/script>\n<!-- \/ Yoast SEO plugin. -->","yoast_head_json":{"title":"\u00dcber uns - Hunde-Hof Wald &amp; Wiese","robots":{"index":"index","follow":"follow","max-snippet":"max-snippet:-1","max-image-preview":"max-image-preview:large","max-video-preview":"max-video-preview:-1"},"canonical":"https:\/\/www.mein-hundehof.de\/index.php\/ueber-uns\/","og_locale":"de_DE","og_type":"article","og_title":"\u00dcber uns - Hunde-Hof Wald &amp; Wiese","og_description":"Das sind die Stammbewohner des Hunde-Hofes: Tamino, 6 Monate. Der junge Labmaraner ist einstweilen noch besch\u00e4ftigt, das Hofleben kennen zu lernen und sich auf seine Rolle als zuk\u00fcnftiger Betriebsleiter vorzubreiten. Er tritt in gro\u00dfe Fu\u00dfstapfen.\u00a0 N\u00e4mlich diese hier: Larry, 12j\u00e4hriger Ridgebackmischling, ist zum Jahreswechsel nach einem erf\u00fcllten Hundeleben von uns gegangen. Nicht nur wir vermissen &hellip; \u201e\u00dcber uns\u201c weiterlesen","og_url":"https:\/\/www.mein-hundehof.de\/index.php\/ueber-uns\/","og_site_name":"Hunde-Hof Wald &amp; Wiese","article_publisher":"https:\/\/www.facebook.com\/Hundehof14947\/","article_modified_time":"2020-04-09T09:01:11+00:00","og_image":[{"url":"https:\/\/www.mein-hundehof.de\/wp-content\/uploads\/2020\/04\/Tamino2-221x300.jpg","type":"","width":"","height":""}],"twitter_card":"summary_large_image","twitter_misc":{"Gesch\u00e4tzte Lesezeit":"1\u00a0Minute"},"schema":{"@context":"https:\/\/schema.org","@graph":[{"@type":"WebPage","@id":"https:\/\/www.mein-hundehof.de\/index.php\/ueber-uns\/","url":"https:\/\/www.mein-hundehof.de\/index.php\/ueber-uns\/","name":"\u00dcber uns - Hunde-Hof Wald &amp; Wiese","isPartOf":{"@id":"https:\/\/www.mein-hundehof.de\/#website"},"primaryImageOfPage":{"@id":"https:\/\/www.mein-hundehof.de\/index.php\/ueber-uns\/#primaryimage"},"image":{"@id":"https:\/\/www.mein-hundehof.de\/index.php\/ueber-uns\/#primaryimage"},"thumbnailUrl":"https:\/\/www.mein-hundehof.de\/wp-content\/uploads\/2020\/04\/Tamino2-221x300.jpg","datePublished":"2017-11-24T10:26:35+00:00","dateModified":"2020-04-09T09:01:11+00:00","breadcrumb":{"@id":"https:\/\/www.mein-hundehof.de\/index.php\/ueber-uns\/#breadcrumb"},"inLanguage":"de","potentialAction":[{"@type":"ReadAction","target":["https:\/\/www.mein-hundehof.de\/index.php\/ueber-uns\/"]}]},{"@type":"ImageObject","inLanguage":"de","@id":"https:\/\/www.mein-hundehof.de\/index.php\/ueber-uns\/#primaryimage","url":"https:\/\/www.mein-hundehof.de\/wp-content\/uploads\/2020\/04\/Tamino2.jpg","contentUrl":"https:\/\/www.mein-hundehof.de\/wp-content\/uploads\/2020\/04\/Tamino2.jpg","width":884,"height":1200},{"@type":"BreadcrumbList","@id":"https:\/\/www.mein-hundehof.de\/index.php\/ueber-uns\/#breadcrumb","itemListElement":[{"@type":"ListItem","position":1,"name":"Startseite","item":"https:\/\/www.mein-hundehof.de\/"},{"@type":"ListItem","position":2,"name":"\u00dcber uns"}]},{"@type":"WebSite","@id":"https:\/\/www.mein-hundehof.de\/#website","url":"https:\/\/www.mein-hundehof.de\/","name":"Hunde-Hof Wald &amp; Wiese","description":"Ihre Hundepension im s\u00fcdlichen Umland von Berlin","publisher":{"@id":"https:\/\/www.mein-hundehof.de\/#organization"},"potentialAction":[{"@type":"SearchAction","target":{"@type":"EntryPoint","urlTemplate":"https:\/\/www.mein-hundehof.de\/?s={search_term_string}"},"query-input":{"@type":"PropertyValueSpecification","valueRequired":true,"valueName":"search_term_string"}}],"inLanguage":"de"},{"@type":"Organization","@id":"https:\/\/www.mein-hundehof.de\/#organization","name":"Hundehof Wald & Wiese","url":"https:\/\/www.mein-hundehof.de\/","logo":{"@type":"ImageObject","inLanguage":"de","@id":"https:\/\/www.mein-hundehof.de\/#\/schema\/logo\/image\/","url":"https:\/\/www.mein-hundehof.de\/wp-content\/uploads\/2016\/08\/Logo-300.jpg","contentUrl":"https:\/\/www.mein-hundehof.de\/wp-content\/uploads\/2016\/08\/Logo-300.jpg","width":299,"height":271,"caption":"Hundehof Wald & Wiese"},"image":{"@id":"https:\/\/www.mein-hundehof.de\/#\/schema\/logo\/image\/"},"sameAs":["https:\/\/www.facebook.com\/Hundehof14947\/"]}]}},"_links":{"self":[{"href":"https:\/\/www.mein-hundehof.de\/index.php\/wp-json\/wp\/v2\/pages\/15","targetHints":{"allow":["GET"]}}],"collection":[{"href":"https:\/\/www.mein-hundehof.de\/index.php\/wp-json\/wp\/v2\/pages"}],"about":[{"href":"https:\/\/www.mein-hundehof.de\/index.php\/wp-json\/wp\/v2\/types\/page"}],"author":[{"embeddable":true,"href":"https:\/\/www.mein-hundehof.de\/index.php\/wp-json\/wp\/v2\/users\/1"}],"replies":[{"embeddable":true,"href":"https:\/\/www.mein-hundehof.de\/index.php\/wp-json\/wp\/v2\/comments?post=15"}],"version-history":[{"count":20,"href":"https:\/\/www.mein-hundehof.de\/index.php\/wp-json\/wp\/v2\/pages\/15\/revisions"}],"predecessor-version":[{"id":441,"href":"https:\/\/www.mein-hundehof.de\/index.php\/wp-json\/wp\/v2\/pages\/15\/revisions\/441"}],"wp:attachment":[{"href":"https:\/\/www.mein-hundehof.de\/index.php\/wp-json\/wp\/v2\/media?parent=15"}],"curies":[{"name":"wp","href":"https:\/\/api.w.org\/{rel}","templated":true}]}}